{"id":111,"date":"2018-03-19T16:12:15","date_gmt":"2018-03-19T15:12:15","guid":{"rendered":"http:\/\/ela-asso.lu\/?page_id=111"},"modified":"2020-12-18T14:47:22","modified_gmt":"2020-12-18T13:47:22","slug":"nos-parrains","status":"publish","type":"page","link":"https:\/\/ela-asso.lu\/lu\/nos-parrains\/","title":{"rendered":"Eis Parraien"},"content":{"rendered":"<p><strong><span style=\"color: #e41871;\"><img decoding=\"async\" loading=\"lazy\" class=\"wp-image-761 alignleft\" src=\"http:\/\/ela-asso.lu\/wp-content\/uploads\/2018\/11\/DSC_6528.jpg\" alt=\"\" width=\"151\" height=\"151\" srcset=\"https:\/\/ela-asso.lu\/wp-content\/uploads\/2018\/11\/DSC_6528.jpg 5504w, https:\/\/ela-asso.lu\/wp-content\/uploads\/2018\/11\/DSC_6528-150x150.jpg 150w, https:\/\/ela-asso.lu\/wp-content\/uploads\/2018\/11\/DSC_6528-300x300.jpg 300w, https:\/\/ela-asso.lu\/wp-content\/uploads\/2018\/11\/DSC_6528-768x768.jpg 768w, https:\/\/ela-asso.lu\/wp-content\/uploads\/2018\/11\/DSC_6528-1024x1024.jpg 1024w, https:\/\/ela-asso.lu\/wp-content\/uploads\/2018\/11\/DSC_6528-465x465.jpg 465w, https:\/\/ela-asso.lu\/wp-content\/uploads\/2018\/11\/DSC_6528-500x500.jpg 500w\" sizes=\"(max-width: 151px) 100vw, 151px\" \/>Jempy Drucker<br \/>\n<\/span><\/strong>Cyclisme<\/p>\n<p>Champion du Luxembourg du contre-la-montre<br \/>\nQuadruple champion du Luxembourg de cyclo-cross<br \/>\nActuellement co\u00e9quipier de Peter Sagan au sein de la formation Bora Hansgrohe<\/p>\n<p>&nbsp;<\/p>\n<p><strong><span style=\"color: #e41871;\"><img decoding=\"async\" loading=\"lazy\" class=\"size-thumbnail wp-image-675 alignleft\" src=\"http:\/\/ela-asso.lu\/wp-content\/uploads\/2018\/08\/02pascal-gentil-1-150x150.jpg\" alt=\"\" width=\"150\" height=\"150\" srcset=\"https:\/\/ela-asso.lu\/wp-content\/uploads\/2018\/08\/02pascal-gentil-1-150x150.jpg 150w, https:\/\/ela-asso.lu\/wp-content\/uploads\/2018\/08\/02pascal-gentil-1.jpg 300w\" sizes=\"(max-width: 150px) 100vw, 150px\" \/>Pascal Gentil<br \/>\n<\/span><\/strong>Taekwondo<\/p>\n<p>Double m\u00e9daill\u00e9 de bronze olympique<br \/>\nTriple champion du monde<br \/>\nTriple champion d&#8217;Europe<br \/>\n18 fois champion de France<\/p>\n<p>&nbsp;<\/p>\n<p><strong><span style=\"color: #e41871;\"><img decoding=\"async\" loading=\"lazy\" class=\"size-thumbnail wp-image-797 alignleft\" src=\"http:\/\/ela-asso.lu\/wp-content\/uploads\/2018\/11\/Guy-Hellers-150x150.png\" alt=\"\" width=\"150\" height=\"150\" \/>Guy Hellers<br \/>\n<\/span><\/strong>Football<\/p>\n<p>S\u00e9lectionneur &#8211; Milieu de terrain &#8211; Ancien International Luxembourgeois<br \/>\n474 matchs disput\u00e9s avec le Standard de Li\u00e8ge, vainqueur de la Coupe de Belgique en 1993.<br \/>\n55 s\u00e9lections avec l&#8217;\u00e9quipe du Luxembourg<br \/>\nS\u00e9lectionneur de l&#8217;\u00e9quipe du Luxembourg entre 2004 et 2010<\/p>\n<p>&nbsp;<\/p>\n<p><strong><span style=\"color: #e41871;\"><img decoding=\"async\" loading=\"lazy\" class=\"size-thumbnail wp-image-798 alignleft\" src=\"http:\/\/ela-asso.lu\/wp-content\/uploads\/2018\/11\/Julien-Henx-150x150.jpg\" alt=\"\" width=\"150\" height=\"150\" \/>Julien Henx<br \/>\n<\/span><\/strong>Natation<\/p>\n<p>Sportif \u00e9lite de l&#8217;arm\u00e9e Luxembourgeoise<br \/>\nChampion de France de natation 2018 50 m papillon<br \/>\nPr\u00e9paration pour les JO de Tokyo de 2020<\/p>\n<p>&nbsp;<\/p>\n<p><strong><span style=\"color: #e41871;\"><img decoding=\"async\" loading=\"lazy\" class=\"size-thumbnail wp-image-869 alignleft\" src=\"http:\/\/ela-asso.lu\/wp-content\/uploads\/2018\/12\/Mandy-Minella.jpg\" alt=\"\" width=\"147\" height=\"183\" \/>Mandy Minella<br \/>\n<\/span><\/strong>Tennis<\/p>\n<p>Meilleur classement ATP: 66\u00e8me<br \/>\n2 titres en double sur le circuit WTA<br \/>\n11 titres en simple et 8 titres en double sur le circuit f\u00e9minin ITF<\/p>\n<p>&nbsp;<\/p>\n<p>&nbsp;<\/p>\n<p><strong><span style=\"color: #e41871;\"><img decoding=\"async\" loading=\"lazy\" class=\"size-thumbnail wp-image-1120 alignleft\" src=\"http:\/\/ela-asso.lu\/wp-content\/uploads\/2019\/03\/IMG_5930-e1553952485458-225x300.jpg\" alt=\"\" width=\"144\" height=\"193\" srcset=\"https:\/\/ela-asso.lu\/wp-content\/uploads\/2019\/03\/IMG_5930-e1553952485458-225x300.jpg 225w, https:\/\/ela-asso.lu\/wp-content\/uploads\/2019\/03\/IMG_5930-e1553952485458-768x1024.jpg 768w, https:\/\/ela-asso.lu\/wp-content\/uploads\/2019\/03\/IMG_5930-e1553952485458-413x550.jpg 413w, https:\/\/ela-asso.lu\/wp-content\/uploads\/2019\/03\/IMG_5930-e1553952485458-375x500.jpg 375w\" sizes=\"(max-width: 144px) 100vw, 144px\" \/>Frank Muller<br \/>\n<\/span><\/strong>Basketball<\/p>\n<p>Joueur International du T71 de Dudelange<br \/>\nTriple vainqueur du championnat de Luxembourg en 2013, 2014 et 2015<br \/>\nVainqueur de la coupe du Luxembourg en 2014<\/p>\n<p>&nbsp;<\/p>\n<p>&nbsp;<\/p>\n<p><strong><span style=\"color: #e41871;\"><img decoding=\"async\" loading=\"lazy\" class=\"size-thumbnail wp-image-758 alignleft\" src=\"http:\/\/ela-asso.lu\/wp-content\/uploads\/2018\/11\/DSC_6500-150x150.jpg\" alt=\"\" width=\"150\" height=\"150\" srcset=\"https:\/\/ela-asso.lu\/wp-content\/uploads\/2018\/11\/DSC_6500-150x150.jpg 150w, https:\/\/ela-asso.lu\/wp-content\/uploads\/2018\/11\/DSC_6500-300x300.jpg 300w, https:\/\/ela-asso.lu\/wp-content\/uploads\/2018\/11\/DSC_6500-768x768.jpg 768w, https:\/\/ela-asso.lu\/wp-content\/uploads\/2018\/11\/DSC_6500-1024x1024.jpg 1024w, https:\/\/ela-asso.lu\/wp-content\/uploads\/2018\/11\/DSC_6500-465x465.jpg 465w, https:\/\/ela-asso.lu\/wp-content\/uploads\/2018\/11\/DSC_6500-500x500.jpg 500w\" sizes=\"(max-width: 150px) 100vw, 150px\" \/>Gilles M\u00fcller<br \/>\n<\/span><\/strong>Tennis<\/p>\n<p>Meilleur classement ATP: 21\u00e8me<br \/>\n2 fois quart de finaliste d&#8217;un tournoi du Grand Chelem<br \/>\nVainqueur de 2 tournois ATP World Tour<\/p>\n<p>&nbsp;<\/p>\n<p><strong><span style=\"color: #e41871;\"><img decoding=\"async\" loading=\"lazy\" class=\"size-thumbnail wp-image-676 alignleft\" src=\"http:\/\/ela-asso.lu\/wp-content\/uploads\/2018\/08\/03Mario-Mutsch-1-150x150.jpg\" alt=\"\" width=\"150\" height=\"150\" srcset=\"https:\/\/ela-asso.lu\/wp-content\/uploads\/2018\/08\/03Mario-Mutsch-1-150x150.jpg 150w, https:\/\/ela-asso.lu\/wp-content\/uploads\/2018\/08\/03Mario-Mutsch-1.jpg 300w\" sizes=\"(max-width: 150px) 100vw, 150px\" \/>Mario Mutsch<br \/>\n<\/span><\/strong>Football<\/p>\n<p>D\u00e9fenseur &#8211; International luxembourgeois<br \/>\nAncien joueur du FC Metz, du FC Sion et du FC Saint-Gall<br \/>\nActuellement au FC Progr\u00e8s Niederkorn<\/p>\n<p>&nbsp;<\/p>\n<p><strong><span style=\"color: #e41871;\"><img decoding=\"async\" loading=\"lazy\" class=\"size-thumbnail wp-image-677 alignleft\" src=\"http:\/\/ela-asso.lu\/wp-content\/uploads\/2018\/08\/04-Chris-Phillips-150x150.jpg\" alt=\"\" width=\"150\" height=\"150\" srcset=\"https:\/\/ela-asso.lu\/wp-content\/uploads\/2018\/08\/04-Chris-Phillips-150x150.jpg 150w, https:\/\/ela-asso.lu\/wp-content\/uploads\/2018\/08\/04-Chris-Phillips.jpg 300w\" sizes=\"(max-width: 150px) 100vw, 150px\" \/>Chris Phillips<br \/>\n<\/span><\/strong>Football<\/p>\n<p>D\u00e9fenseur\/Milieu &#8211; International luxembourgeois<br \/>\nChampion de France de Ligue 2 avec le FC Metz<br \/>\nChampion de Pologne et vainqueur de la coupe de Pologne avec le Legia Varsovie<\/p>\n<p>&nbsp;<\/p>\n<p><strong><span style=\"color: #e41871;\"><img decoding=\"async\" loading=\"lazy\" class=\"size-thumbnail wp-image-678 alignleft\" src=\"http:\/\/ela-asso.lu\/wp-content\/uploads\/2018\/08\/05John-Rech-chanteur-150x150.jpg\" alt=\"\" width=\"150\" height=\"150\" srcset=\"https:\/\/ela-asso.lu\/wp-content\/uploads\/2018\/08\/05John-Rech-chanteur-150x150.jpg 150w, https:\/\/ela-asso.lu\/wp-content\/uploads\/2018\/08\/05John-Rech-chanteur.jpg 300w\" sizes=\"(max-width: 150px) 100vw, 150px\" \/>John Rech<br \/>\n<\/span><\/strong>Auteur &#8211; Interpr\u00e8te<\/p>\n<p>Leader du groupe pop-rock T42<br \/>\nOrganisateur de projets et d&#8217;\u00e9v\u00e8nements pour la ville de Dudelange<\/p>\n<p>&nbsp;<\/p>\n<p><strong><span style=\"color: #e41871;\"><img decoding=\"async\" loading=\"lazy\" class=\" size-thumbnail wp-image-795 alignleft\" src=\"http:\/\/ela-asso.lu\/wp-content\/uploads\/2018\/11\/Andy-Schleck-e1543091409399-150x150.png\" alt=\"\" width=\"150\" height=\"150\" \/>Andy Schleck<br \/>\n<\/span><\/strong>Cyclisme<\/p>\n<p>Vainqueur du Tour de France 2010.<br \/>\n2\u00e8me du Tour de France en 2009 et 2011<br \/>\nVainqueur du maillot blanc de meilleur jeune sur le Tour de France en 2009, 2010 et 2011<br \/>\nVainqueur de Li\u00e8ge &#8211; Bastogne &#8211; Li\u00e8ge en 2009<\/p>\n<p>&nbsp;<\/p>\n<p><strong><span style=\"color: #e41871;\"><img decoding=\"async\" loading=\"lazy\" class=\"alignleft wp-image-796 \" src=\"http:\/\/ela-asso.lu\/wp-content\/uploads\/2018\/11\/Fr\u00e4nk-Schleck-e1552335586899-120x150.png\" alt=\"\" width=\"149\" height=\"186\" \/>Fr\u00e4nk Schleck<br \/>\n<\/span><\/strong>Cyclisme<\/p>\n<p>Quintuple champion de Luxembourg en 2005, 2008, 2010, 2011 et 2014<br \/>\nVainqueur de l&#8217;Amstel Gold Race en 2006<br \/>\nVainqueur du Tour de Luxembourg en 2009 et du Tour de Suisse en 2010<br \/>\n3\u00e8me du Tour de France en 2011<\/p>\n<p>&nbsp;<\/p>\n<p><strong><span style=\"color: #e41871;\"><img decoding=\"async\" loading=\"lazy\" class=\"size-thumbnail wp-image-766 alignleft\" src=\"http:\/\/ela-asso.lu\/wp-content\/uploads\/2018\/11\/DSC_6466-150x150.jpg\" alt=\"\" width=\"150\" height=\"150\" srcset=\"https:\/\/ela-asso.lu\/wp-content\/uploads\/2018\/11\/DSC_6466-150x150.jpg 150w, https:\/\/ela-asso.lu\/wp-content\/uploads\/2018\/11\/DSC_6466-300x300.jpg 300w, https:\/\/ela-asso.lu\/wp-content\/uploads\/2018\/11\/DSC_6466-768x768.jpg 768w, https:\/\/ela-asso.lu\/wp-content\/uploads\/2018\/11\/DSC_6466-1024x1024.jpg 1024w, https:\/\/ela-asso.lu\/wp-content\/uploads\/2018\/11\/DSC_6466-465x465.jpg 465w, https:\/\/ela-asso.lu\/wp-content\/uploads\/2018\/11\/DSC_6466-500x500.jpg 500w\" sizes=\"(max-width: 150px) 100vw, 150px\" \/>Tessy Scholtes<br \/>\n<\/span><\/strong>Karat\u00e9<\/p>\n<p>Kumite individuel + 60kg<br \/>\nM\u00e9daill\u00e9e d&#8217;or aux championnats d&#8217;Europe Juniors et Cadets 2002<br \/>\nM\u00e9daill\u00e9e d&#8217;argent aux championnats du monde Senior 2002<\/p>\n<p>&nbsp;<\/p>\n<p><strong><span style=\"color: #e41871;\"><img decoding=\"async\" loading=\"lazy\" class=\"wp-image-1121 alignleft\" src=\"http:\/\/ela-asso.lu\/wp-content\/uploads\/2019\/03\/IMG_5935-e1553952521849-225x300.jpg\" alt=\"\" width=\"151\" height=\"202\" srcset=\"https:\/\/ela-asso.lu\/wp-content\/uploads\/2019\/03\/IMG_5935-e1553952521849-225x300.jpg 225w, https:\/\/ela-asso.lu\/wp-content\/uploads\/2019\/03\/IMG_5935-e1553952521849-768x1024.jpg 768w, https:\/\/ela-asso.lu\/wp-content\/uploads\/2019\/03\/IMG_5935-e1553952521849-413x550.jpg 413w, https:\/\/ela-asso.lu\/wp-content\/uploads\/2019\/03\/IMG_5935-e1553952521849-375x500.jpg 375w\" sizes=\"(max-width: 151px) 100vw, 151px\" \/>Tom Schumacher<br \/>\n<\/span><\/strong>Basketball<\/p>\n<p>Joueur International du T71 de Dudelange<br \/>\nQuintuple vainqueur du championnat de Luxembourg en 2010, 2011, 2013, 2014 et 2015<br \/>\nQuintuple vainqueur de la coupe du Luxembourg en 2009, 2012, 2013, 2014 et 2016<\/p>\n<p>&nbsp;<\/p>\n<p>&nbsp;<\/p>\n<p><span style=\"color: #e41871;\"><b>Jeff <\/b><img decoding=\"async\" loading=\"lazy\" class=\"size-thumbnail wp-image-680 alignleft\" style=\"background-color: transparent; color: #e41871; float: left; font-family: Georgia,' times new roman','bitstream charter',times,serif; font-size: 16px; font-style: normal; font-variant: normal; font-weight: bold; height: 150px; letter-spacing: normal; max-width: 826px; orphans: 2; text-align: left; text-decoration: none; text-indent: 0px; text-transform: none; -webkit-text-stroke-width: 0px; white-space: normal; word-spacing: 0px; margin: 8px 16px 8px 0px;\" src=\"http:\/\/ela-asso.lu\/wp-content\/uploads\/2018\/08\/06squetier-150x150.jpg\" alt=\"\" width=\"150\" height=\"150\" srcset=\"https:\/\/ela-asso.lu\/wp-content\/uploads\/2018\/08\/06squetier-150x150.jpg 150w, https:\/\/ela-asso.lu\/wp-content\/uploads\/2018\/08\/06squetier.jpg 300w\" sizes=\"(max-width: 150px) 100vw, 150px\" \/><b>Strasser<br \/>\n<\/b><\/span>Football &#8211; Entra\u00eeneur &#8211; D\u00e9fenseur &#8211; Ancien international luxembourgeois<br \/>\nA jou\u00e9 au FC Kaiserslautern, RC Strasbourg ou encore Grasshopper Zurich<br \/>\nDouble champion du Luxembourg en tant qu&#8217;entra\u00eeneur avec le Fola Esch<br \/>\n<strong><span style=\"color: #e41871;\">Sandrine Qu\u00e9tier<br \/>\n<\/span><\/strong>Animatrice de t\u00e9l\u00e9vision<br \/>\nA notamment pr\u00e9sent\u00e9 &#8222;Danse avec les stars&#8220; et &#8222;MasterChef&#8220;<\/p>\n","protected":false},"excerpt":{"rendered":"<p>Jempy Drucker Cyclisme Champion du Luxembourg du contre-la-montre Quadruple champion du Luxembourg de cyclo-cross Actuellement co\u00e9quipier de Peter Sagan au sein de la formation Bora Hansgrohe &nbsp; Pascal Gentil Taekwondo Double m\u00e9daill\u00e9 de bronze olympique Triple champion du monde Triple champion d&#8217;Europe 18 fois champion de France &nbsp; Guy Hellers<span class=\"more-link\"><a href=\"https:\/\/ela-asso.lu\/lu\/nos-parrains\/\">Read More &rarr;<\/a><\/span><\/p>\n","protected":false},"author":1,"featured_media":0,"parent":0,"menu_order":0,"comment_status":"closed","ping_status":"closed","template":"","meta":{"two_page_speed":[]},"_links":{"self":[{"href":"https:\/\/ela-asso.lu\/lu\/wp-json\/wp\/v2\/pages\/111"}],"collection":[{"href":"https:\/\/ela-asso.lu\/lu\/wp-json\/wp\/v2\/pages"}],"about":[{"href":"https:\/\/ela-asso.lu\/lu\/wp-json\/wp\/v2\/types\/page"}],"author":[{"embeddable":true,"href":"https:\/\/ela-asso.lu\/lu\/wp-json\/wp\/v2\/users\/1"}],"replies":[{"embeddable":true,"href":"https:\/\/ela-asso.lu\/lu\/wp-json\/wp\/v2\/comments?post=111"}],"version-history":[{"count":88,"href":"https:\/\/ela-asso.lu\/lu\/wp-json\/wp\/v2\/pages\/111\/revisions"}],"predecessor-version":[{"id":2147,"href":"https:\/\/ela-asso.lu\/lu\/wp-json\/wp\/v2\/pages\/111\/revisions\/2147"}],"wp:attachment":[{"href":"https:\/\/ela-asso.lu\/lu\/wp-json\/wp\/v2\/media?parent=111"}],"curies":[{"name":"wp","href":"https:\/\/api.w.org\/{rel}","templated":true}]}}