{"id":153,"date":"2018-03-19T16:45:33","date_gmt":"2018-03-19T15:45:33","guid":{"rendered":"http:\/\/ela-asso.lu\/?page_id=153"},"modified":"2024-05-06T19:41:23","modified_gmt":"2024-05-06T17:41:23","slug":"le-deroulement","status":"publish","type":"page","link":"https:\/\/ela-asso.lu\/lu\/le-deroulement\/","title":{"rendered":"Mode d\u2019emploi"},"content":{"rendered":"<h3><span style=\"color: #e41871;\"><strong>Matmaachen ass einfach!<br \/>\n<\/strong><\/span><\/h3>\n<div><span style=\"color: #e41871;\">\u2022<\/span> 1 &#8211; Registr\u00e9iert Iech<br \/>\n<span style=\"color: #e41871;\">\u2022<\/span> 2 &#8211; De Benotzerkit cl\u00e9 en mains kr\u00e9ien<br \/>\n<span style=\"color: #e41871;\">\u2022<\/span> 3 &#8211; \u00c4r Mataarbechter fir d\u2019Aktioun sensibilis\u00e9ieren (Plakater, Flyer, Videoen &#8230;)<br \/>\n<span style=\"color: #e41871;\">\u2022<\/span> 4 &#8211; Walken, lafen, sech erausfuerderen : mat engem Pedometer oder mat enger Smartphone App<br \/>\n<span style=\"color: #e41871;\">\u2022<\/span> 5 &#8211; \u00c4r Schr\u00ebtt zielen an se op der ELA Webs\u00e4it uginn<\/div>\n<div><\/div>\n<div><img decoding=\"async\" loading=\"lazy\" class=\"alignnone size-full wp-image-154\" src=\"http:\/\/ela-asso.lu\/wp-content\/uploads\/2018\/03\/image005.jpg\" alt=\"\" width=\"625\" height=\"375\" srcset=\"https:\/\/ela-asso.lu\/wp-content\/uploads\/2018\/03\/image005.jpg 625w, https:\/\/ela-asso.lu\/wp-content\/uploads\/2018\/03\/image005-300x180.jpg 300w, https:\/\/ela-asso.lu\/wp-content\/uploads\/2018\/03\/image005-465x279.jpg 465w\" sizes=\"(max-width: 625px) 100vw, 625px\" \/><\/div>\n<p><span style=\"color: #e41871;\"><span style=\"text-decoration: underline;\"><strong>D-Day <\/strong><\/span><br \/>\n<strong> \u2022 <\/strong><\/span>Moies ginn Pedometeren verdeelt<br \/>\n<span style=\"color: #e41871;\"><strong>\u2022 <\/strong><\/span>Anim\u00e9iert \u00e4r Mataarbechter fir matzemaachen &#8222;Mets tes baskets&#8220; op sozialen Netzwierker mat den hashtag #MTBEntreprise<br \/>\n<span style=\"color: #e41871;\"><strong>\u2022 <\/strong><\/span>Recuper\u00e9iert Smartphone cuffs oder d\u2019Pedometerern um Enn vum Dag<br \/>\n<span style=\"color: #e41871;\"><strong>\u2022 <\/strong><\/span>Loggt dech an op d\u2019 Webs\u00e4it vun der ELA an a kuckt w\u00e9ivill Schr\u00ebtt \u00c4r \u00c9quip\u00eb gemaacht hunn<\/p>\n<p><span style=\"color: #e41871;\"><span style=\"text-decoration: underline;\"><strong>Duerno <\/strong><\/span><strong><br \/>\n\u2022<\/strong><\/span>\u00a0kommuniz\u00e9iert den totale Montant vun \u00e4rem Don un d\u2019Ela<br \/>\n<span style=\"color: #e41871;\"><strong>\u2022<\/strong><\/span>\u00a0d\u2019Ela sch\u00e9ckt iech eng Opstellung<br \/>\n<span style=\"color: #e41871;\"><strong>\u2022<\/strong><\/span>\u00a0transfer\u00e9iert d\u2019Somm vun \u00e4rem Don op de Kont vun der Ela<br \/>\n<span style=\"color: #e41871;\"><strong>\u2022<\/strong><\/span>\u00a0kommt op d\u2019Remise des ch\u00e8ques op enger feierlecher Zeremonie (soir\u00e9-bilan)<\/p>\n<p><em>*Les animations sont \u00e0 l\u2019initiative de l\u2019entreprise et sont facultatives. (Activit\u00e9s sportives, courses, jeux d\u2019\u00e9quipes\u2026)<\/em><\/p>\n<p><span style=\"color: #e41871;\"><strong>Umeldung<\/strong><\/span><br \/>\nJean-Luc Corti, Generalsekret\u00e4r ELA International<a href=\"mailto:jl.corti@elainternational.eu\"><span style=\"color: #e41871;\"><br \/>\njl.corti@elainternational.eu<\/span><\/a><br \/>\nTel. +352 691 104 985<\/p>\n","protected":false},"excerpt":{"rendered":"<p>Matmaachen ass einfach! \u2022 1 &#8211; Registr\u00e9iert Iech \u2022 2 &#8211; De Benotzerkit cl\u00e9 en mains kr\u00e9ien \u2022 3 &#8211; \u00c4r Mataarbechter fir d\u2019Aktioun sensibilis\u00e9ieren (Plakater, Flyer, Videoen &#8230;) \u2022 4 &#8211; Walken, lafen, sech erausfuerderen : mat engem Pedometer oder mat enger Smartphone App \u2022 5 &#8211; \u00c4r Schr\u00ebtt<span class=\"more-link\"><a href=\"https:\/\/ela-asso.lu\/lu\/le-deroulement\/\">Read More &rarr;<\/a><\/span><\/p>\n","protected":false},"author":1,"featured_media":0,"parent":0,"menu_order":0,"comment_status":"closed","ping_status":"closed","template":"","meta":{"two_page_speed":[]},"_links":{"self":[{"href":"https:\/\/ela-asso.lu\/lu\/wp-json\/wp\/v2\/pages\/153"}],"collection":[{"href":"https:\/\/ela-asso.lu\/lu\/wp-json\/wp\/v2\/pages"}],"about":[{"href":"https:\/\/ela-asso.lu\/lu\/wp-json\/wp\/v2\/types\/page"}],"author":[{"embeddable":true,"href":"https:\/\/ela-asso.lu\/lu\/wp-json\/wp\/v2\/users\/1"}],"replies":[{"embeddable":true,"href":"https:\/\/ela-asso.lu\/lu\/wp-json\/wp\/v2\/comments?post=153"}],"version-history":[{"count":26,"href":"https:\/\/ela-asso.lu\/lu\/wp-json\/wp\/v2\/pages\/153\/revisions"}],"predecessor-version":[{"id":2431,"href":"https:\/\/ela-asso.lu\/lu\/wp-json\/wp\/v2\/pages\/153\/revisions\/2431"}],"wp:attachment":[{"href":"https:\/\/ela-asso.lu\/lu\/wp-json\/wp\/v2\/media?parent=153"}],"curies":[{"name":"wp","href":"https:\/\/api.w.org\/{rel}","templated":true}]}}