{"id":1743,"date":"2020-03-09T23:55:37","date_gmt":"2020-03-09T22:55:37","guid":{"rendered":"http:\/\/ela-asso.lu\/?page_id=1743"},"modified":"2020-12-18T14:47:22","modified_gmt":"2020-12-18T13:47:22","slug":"publications","status":"publish","type":"page","link":"https:\/\/ela-asso.lu\/lu\/publications\/","title":{"rendered":"Publications"},"content":{"rendered":"<p>Merci \u00e0 toutes celles et ceux qui nous soutiennent en relayant les op\u00e9rations que nous menons, et qui nous aident \u00e0 augmenter notre visibilit\u00e9 et ainsi sensibiliser l&#8217;opinion publique pour battre les leucodystrophies.<\/p>\n<p><strong>2020<\/strong><\/p>\n<p><a href=\"https:\/\/www.rtl.lu\/news\/national\/a\/1453857.html\" target=\"_blank\" rel=\"noopener noreferrer\">RTL, 9 Janvier 2020 &#8211; ELA<\/a><\/p>\n<p>&nbsp;<\/p>\n<p><strong>2019<\/strong><\/p>\n<p><a href=\"http:\/\/www.lessentiel.lu\/fr\/sports\/sports_luxembourgeois\/story\/qui-seront-les-sportifs-de-l-annee-2019-16529242\" target=\"_blank\" rel=\"noopener noreferrer\">L&#8217;essentiel, 5 Novembre 2019 &#8211; ELA<\/a><\/p>\n<p><a href=\"https:\/\/www.infogreen.lu\/betic-met-ses-baskets-et-marche-pour-ela.html\" target=\"_blank\" rel=\"noopener noreferrer\">Infogreen, 1er Juillet 2019 &#8211; MTB<\/a><\/p>\n<p><a href=\"http:\/\/www.eurest.lu\/2019\/06\/19\/mtbe2019\/\" target=\"_blank\" rel=\"noopener noreferrer\">Eurest, 19 Juin 2019 &#8211; MTB<\/a><\/p>\n<p><a href=\"https:\/\/www.wort.lu\/fr\/mywort\/wintger\/news\/kulturkompass-wentger-spendet-an-ela-luxembourg-5d089406da2cc1784e3463b7\" target=\"_blank\" rel=\"noopener noreferrer\">Wort, 18 Juin 2019 &#8211; MTB<\/a><\/p>\n<p><a href=\"https:\/\/www.itnation.lu\/trend-micro-sengage-pour-la-communaute-luxembourgeoise\/\" target=\"_blank\" rel=\"noopener noreferrer\">IT Nation, 14 Juin 2019 &#8211; MTB<\/a><\/p>\n<p><a href=\"https:\/\/www.vauban.lu\/2019\/06\/mets-baskets-bats-maladie-a-vauban-lassociation-ela\/\" target=\"_blank\" rel=\"noopener noreferrer\">Vauban ELFL, 13 Juin 2019 &#8211; MTB \u00e0 l&#8217;\u00e9cole<\/a><\/p>\n<p><a href=\"https:\/\/5minutes.rtl.lu\/actu\/luxembourg\/a\/1360772.html\" target=\"_blank\" rel=\"noopener noreferrer\">RTL 5 Minutes, 11 Juin 2019 &#8211; Match de gala<\/a><\/p>\n<p><a href=\"http:\/\/www.lessentiel.lu\/fr\/luxembourg\/story\/ces-enfants-vivent-des-tragedies-il-fallait-venir-11560647\" target=\"_blank\" rel=\"noopener noreferrer\">L&#8217;essentiel, 8 Juin 2019 &#8211; Match de gala<\/a><\/p>\n<p><a href=\"https:\/\/eventsinluxembourg.lu\/fr\/node\/99564\" target=\"_blank\" rel=\"noopener noreferrer\">Events in Luxembourg, 8 Juin 2019 &#8211; Match de gala<\/a><\/p>\n<p><a href=\"https:\/\/www.lequotidien.lu\/luxembourg\/un-match-pour-contrer-les-leucodystrophies\/\" target=\"_blank\" rel=\"noopener noreferrer\">Le Quotidien, 7 Juin 2019 &#8211; Match de gala<\/a><\/p>\n<p><a href=\"https:\/\/delano.lu\/d\/detail\/news\/football-all-star-veterans-gather-charity-match\/206294\" target=\"_blank\" rel=\"noopener noreferrer\">Delano, 6 Juin 2019 &#8211; Match de gala<\/a><\/p>\n<p><a href=\"https:\/\/www.supermiro.lu\/fr\/evenements\/149657-centenaires-gala-match-fc-progres-legends-vs-all-stary-by-ela-stade-jos-haupert-differdange?fbclid=IwAR0p2iEzBE4vdS1mUepVPOAZp1YiJd1xLAbtHVo4chbnzyuz9Jw427ekScw\" target=\"_blank\" rel=\"noopener noreferrer\">Supermiro, 3 Juin 2019 &#8211; Match de gala<\/a><\/p>\n<p><a href=\"https:\/\/lux24.lu\/2019\/06\/03\/com-video-nuno-gomes-confirma-luxemburgo\/\" target=\"_blank\" rel=\"noopener noreferrer\">Lux 24, 3 Juin 2019 &#8211; Match de gala<\/a><\/p>\n<p><a href=\"https:\/\/5minutes.rtl.lu\/sport\/local\/a\/1351992.html\" target=\"_blank\" rel=\"noopener noreferrer\">RTL 5 minutes, 24 Mai 2019 &#8211; Match de gala<\/a><\/p>\n<p><a href=\"https:\/\/www.wort.lu\/fr\/sport\/pluie-de-stars-au-grand-c-ur-sur-niederkorn-5ce64ab7da2cc1784e344a4c\" target=\"_blank\" rel=\"noopener noreferrer\">Wort, 23 Mai 2019 &#8211; Match de gala<\/a><\/p>\n<p><a href=\"http:\/\/jornaldoluxemburgo.com\/2019\/05\/niederkorn-nuno-gomes-e-nuno-valente-em-jogo-solidario\/\" target=\"_blank\" rel=\"noopener noreferrer\">jornal do Luxemburgo, 23 Mai 2019 &#8211; Match de gala<\/a><\/p>\n<p><a href=\"https:\/\/themenwelten.wort.lu\/ela-poursuit-son-combat-contre-les-leucodystrophies-66406\" target=\"_blank\" rel=\"noopener noreferrer\">Wort, 22 Mai 2019 &#8211; Crystalfoot<\/a><\/p>\n<p><a href=\"https:\/\/www.visitluxembourg.com\/fr\/agenda\/event\/2019\/06\/08\/match-de-gala-all-stars\" target=\"_blank\" rel=\"noopener noreferrer\">Visit Luxembourg &#8211; Match de gala<\/a><\/p>\n<p><a href=\"https:\/\/www.marketers.lu\/actualites\/football-charity-game-ela-luxembourg\" target=\"_blank\" rel=\"noopener noreferrer\">Marketers, 13 Mai 2019 &#8211; MTB<\/a><\/p>\n<p><a href=\"https:\/\/chronicle.lu\/category\/charity-volunteering\/29187-ela-luxembourg-announces-charity-football-game\" target=\"_blank\" rel=\"noopener noreferrer\">Chronicle.lu, 13 Mai 2019 &#8211; Match de gala<\/a><\/p>\n<p><a href=\"https:\/\/5minutes.rtl.lu\/actu\/luxembourg\/a\/1344584.html\" target=\"_blank\" rel=\"noopener noreferrer\">RTL, 7 Mai 2019 &#8211; Crystalfoot<\/a><\/p>\n<p><a href=\"https:\/\/paperjam.lu\/article\/acheter-pied-zidane-bonne-caus\" target=\"_blank\" rel=\"noopener noreferrer\">Paperjam, 7 Mai 2019 &#8211; Crystalfoot<\/a><\/p>\n<p><a href=\"https:\/\/lu.ambafrance.org\/Le-Consul-a-la-Premiere-dictee-d-ELA-au-Luxembourg-le-lundi-29-avril-2019\" target=\"_blank\" rel=\"noopener noreferrer\">Anbassade de France, 30 Avril 2019 &#8211; MTB \u00e0 l&#8217;\u00e9cole<\/a><\/p>\n<p><a href=\"https:\/\/paperjam.lu\/article\/-mets-tes-baskets-dans-lentrep\" target=\"_blank\" rel=\"noopener noreferrer\">Paperjam, 23 Avril 2019 &#8211; MTB<\/a><\/p>\n<p><a href=\"https:\/\/www.itnation.lu\/retour-sur-la-ceremonie-great-place-to-work-for-all-2019\/\" target=\"_blank\" rel=\"noopener noreferrer\">IT Nation, 22 Mars 2019 &#8211; Partenaires<\/a><\/p>\n<p>&nbsp;<\/p>\n<p><strong>2018<\/strong><\/p>\n<p><a href=\"https:\/\/www.parismatch.com\/People\/Zidane-un-pied-dans-le-cristal-pour-ELA-1538783\" target=\"_blank\" rel=\"noopener noreferrer\">Paris-Match, 13 Juin 2018 &#8211; Crystalfoot<\/a><\/p>\n<p><a href=\"https:\/\/www.telepro.be\/people\/le-pied-gauche-de-zidane-en-cristal-au-profit-dela.html\" target=\"_blank\" rel=\"noopener noreferrer\">Telepro, 12 Juin 2018 &#8211; Crystalfoot<\/a><\/p>\n<p>&nbsp;<\/p>\n<p><strong>2017<\/strong><\/p>\n<p><a href=\"https:\/\/www.ketterthill.lu\/fr\/autres\/actualites\/unnamed-1.html\" target=\"_blank\" rel=\"noopener noreferrer\">Ketterthill, 6 Novembre 2017 &#8211; MTB<\/a><\/p>\n<p><a href=\"https:\/\/www.itnation.lu\/maximum-de-ela-luxembourg\/\" target=\"_blank\" rel=\"noopener noreferrer\">IT Nation, 15 Juin 2017 &#8211; MTB<\/a><\/p>\n<p><a href=\"https:\/\/www.itone.lu\/actualites\/mets-tes-baskets-dans-lentreprise-avec-ela-au-west-side-village\" target=\"_blank\" rel=\"noopener noreferrer\">IT One, 9 Juin 2017 &#8211; MTB<\/a><\/p>\n<p>&nbsp;<\/p>\n<p><strong>2016<\/strong><\/p>\n<p><a href=\"https:\/\/www.itnation.lu\/exigo-rassemble-bouger-profit-dela\/\" target=\"_blank\" rel=\"noopener noreferrer\">IT Nation, 23 Aout 2016 &#8211; Partenaires<\/a><\/p>\n<p><a href=\"https:\/\/www.itnation.lu\/20-entreprises-en-baskets-pour-ela\/\" target=\"_blank\" rel=\"noopener noreferrer\">IT Nation, 15 Juin 2016 &#8211; MTB<\/a><\/p>\n<p><a href=\"https:\/\/www.itnation.lu\/vendredi-10-juin-mets-tes-baskets-avec-ela\/\" target=\"_blank\" rel=\"noopener noreferrer\">IT Nation, 9 Juin 2016 &#8211; MTB<\/a><\/p>\n<p><a href=\"https:\/\/www.itnation.lu\/mets-tes-baskets-ela-le-10-juin-2016-a-luxembourg\/\" target=\"_blank\" rel=\"noopener noreferrer\">IT Nation, 9 Mai 2016 &#8211; MTB<\/a><\/p>\n<p>&nbsp;<\/p>\n<p><strong>Mais aussi<\/strong><\/p>\n<p><b><\/b><a href=\"https:\/\/www.bnpparibas.lu\/fr\/2011\/09\/29\/les-collaborateurs-du-groupe-bnp-paribas-au-luxembourg-solidaires-contre-les-leucodystrophies\/\" target=\"_blank\" rel=\"noopener noreferrer\">BNP Paribas, 29 Septembre 2011 &#8211; Partenaires<\/a><\/p>\n<p><a href=\"https:\/\/sport24.lefigaro.fr\/football\/actualites\/zidane-seduit-le-luxembourg-377693\" target=\"_blank\" rel=\"noopener noreferrer\">Sport 24 Le figaro, 11 Mai 2010 &#8211; Match de gala<\/a><\/p>\n<p><a href=\"https:\/\/www.tageblatt.lu\/sport\/zinedine-zidane-feiert-europa-mit-der-ela-in-luxemburg-96940868\/\" target=\"_blank\" rel=\"noopener noreferrer\">Tageblatt, 11 Mai 2010 &#8211; Match de gala<\/a><\/p>\n<p><a href=\"http:\/\/sport.public.lu\/fr\/actualites\/articles\/2010\/05\/zidane\/index.html\" target=\"_blank\" rel=\"noopener noreferrer\">Sports.lu, 10 Mai 2010 &#8211; Match de gala<\/a><\/p>\n<p><a href=\"https:\/\/www.republicain-lorrain.fr\/sports\/2010\/05\/09\/zidane-se-demarque-pour-ela\" target=\"_blank\" rel=\"noopener noreferrer\">Le R\u00e9publicain Lorrain, 9 Mai 2010 &#8211; Match de gala<\/a><\/p>\n<p><a href=\"https:\/\/www.tout-luxembourg.com\/zidane-luxembourg-2010-126.php\" target=\"_blank\" rel=\"noopener noreferrer\">Tout Luxembourg, 8 Mai 2010 &#8211; Match de gala<\/a><\/p>\n<p><a href=\"https:\/\/www.sudinfo.be\/art\/d-20130115-Z1TE8H\" target=\"_blank\" rel=\"noopener noreferrer\">Sud Info, 6 Mai 2010 &#8211; Match de gala<\/a><\/p>\n","protected":false},"excerpt":{"rendered":"<p>Merci \u00e0 toutes celles et ceux qui nous soutiennent en relayant les op\u00e9rations que nous menons, et qui nous aident \u00e0 augmenter notre visibilit\u00e9 et ainsi sensibiliser l&#8217;opinion publique pour battre les leucodystrophies. 2020 RTL, 9 Janvier 2020 &#8211; ELA &nbsp; 2019 L&#8217;essentiel, 5 Novembre 2019 &#8211; ELA Infogreen, 1er<span class=\"more-link\"><a href=\"https:\/\/ela-asso.lu\/lu\/publications\/\">Read More &rarr;<\/a><\/span><\/p>\n","protected":false},"author":1,"featured_media":0,"parent":0,"menu_order":0,"comment_status":"closed","ping_status":"closed","template":"","meta":{"two_page_speed":[]},"_links":{"self":[{"href":"https:\/\/ela-asso.lu\/lu\/wp-json\/wp\/v2\/pages\/1743"}],"collection":[{"href":"https:\/\/ela-asso.lu\/lu\/wp-json\/wp\/v2\/pages"}],"about":[{"href":"https:\/\/ela-asso.lu\/lu\/wp-json\/wp\/v2\/types\/page"}],"author":[{"embeddable":true,"href":"https:\/\/ela-asso.lu\/lu\/wp-json\/wp\/v2\/users\/1"}],"replies":[{"embeddable":true,"href":"https:\/\/ela-asso.lu\/lu\/wp-json\/wp\/v2\/comments?post=1743"}],"version-history":[{"count":6,"href":"https:\/\/ela-asso.lu\/lu\/wp-json\/wp\/v2\/pages\/1743\/revisions"}],"predecessor-version":[{"id":1751,"href":"https:\/\/ela-asso.lu\/lu\/wp-json\/wp\/v2\/pages\/1743\/revisions\/1751"}],"wp:attachment":[{"href":"https:\/\/ela-asso.lu\/lu\/wp-json\/wp\/v2\/media?parent=1743"}],"curies":[{"name":"wp","href":"https:\/\/api.w.org\/{rel}","templated":true}]}}