{"id":37,"date":"2018-03-19T15:03:10","date_gmt":"2018-03-19T14:03:10","guid":{"rendered":"http:\/\/ela-asso.lu\/?page_id=37"},"modified":"2024-05-06T14:39:45","modified_gmt":"2024-05-06T12:39:45","slug":"developpement-de-la-recherche","status":"publish","type":"page","link":"https:\/\/ela-asso.lu\/lu\/developpement-de-la-recherche\/","title":{"rendered":"D\u00e9veloppement de la recherche"},"content":{"rendered":"<p><img decoding=\"async\" loading=\"lazy\" class=\"alignleft wp-image-45 size-medium\" src=\"http:\/\/ela-asso.lu\/wp-content\/uploads\/2018\/03\/financement-228x1024-67x300.png\" alt=\"\" width=\"67\" height=\"300\" srcset=\"https:\/\/ela-asso.lu\/wp-content\/uploads\/2018\/03\/financement-228x1024-67x300.png 67w, https:\/\/ela-asso.lu\/wp-content\/uploads\/2018\/03\/financement-228x1024.png 228w\" sizes=\"(max-width: 67px) 100vw, 67px\" \/>D\u2019Objektiv vun der ELA ass, den frans\u00e9ischen an internationale Fuerschungslaboratoiren dob\u00e4i ze h\u00ebllefen, d&#8217;Mechanisme vun der Krankheet besser ze verstoen, d\u00e9i responsabel Genen ze identifiz\u00e9ieren, an nei therapeutesch Strategien ze entw\u00e9ckele fir g\u00e9int Leukodystrophien ze k\u00e4mpfen.<\/p>\n<p>All Joer, lanc\u00e9iert d\u2019ELA ee Rechercheprogramm am Domaine vun der genetescher Leukodystrophie.<\/p>\n<p>D&#8217;ELA organis\u00e9iert regelm\u00e9isseg e w\u00ebssenschaftleche Kongress, bei deem international Spezialisten an der Mati\u00e8re vun den Leukodystrophien an der Myelinreparatur zesumme kommen. Bei d\u00ebsem Evenement kann een sech iwwert de leschte Stand vun den neiesten Entdeckungen inform\u00e9ieren an en erm\u00e9iglecht den Austausch an d\u2019Zesummenaarbecht t\u00ebschent Laboratoiren.<\/p>\n<p>Zous\u00e4tzlech g\u00ebtt all Joer een Colloque fir d\u2019Patienten a hir Familljen organis\u00e9iert. Bei d\u00ebser Gelee\u00ebnheet ginn d\u2019Spezialisten Informatiounen iwwert den Fortschr\u00ebtt vun der Fuerschung an \u00c4ntwert op Froen. Et ass een eenzigartige Moment vun Austausch t\u00ebschent Fuerscher, Familljen a Patienten.<\/p>\n<p>ELA ass den \u00e9ischte Financeur an der Spenderecherche am Domaine vun der Leukodystrophie. Bis zu ongef\u00e9ier \u00a0<span style=\"color: #e41871;\"><strong>500 Fuerschungsprojeten,<\/strong><\/span> fir een Total vun<span style=\"color: #e41871;\"><strong> m\u00e9i w\u00e9i 50 Milliounen Euro goufe vun der ELA finanz\u00e9iert.<\/strong><\/span><\/p>\n<div style=\"width: 640px;\" class=\"wp-video\"><!--[if lt IE 9]><script>document.createElement('video');<\/script><![endif]-->\n<video class=\"wp-video-shortcode\" id=\"video-37-1\" width=\"640\" height=\"360\" autoplay=\"1\" preload=\"metadata\" controls=\"controls\"><source type=\"video\/mp4\" src=\"http:\/\/ela-asso.lu\/wp-content\/uploads\/2018\/03\/2014-Une-famille-dELA-va-participer-\u00e0-un-essai-clinique.mp4?_=1\" \/><a href=\"http:\/\/ela-asso.lu\/wp-content\/uploads\/2018\/03\/2014-Une-famille-dELA-va-participer-\u00e0-un-essai-clinique.mp4\">http:\/\/ela-asso.lu\/wp-content\/uploads\/2018\/03\/2014-Une-famille-dELA-va-participer-\u00e0-un-essai-clinique.mp4<\/a><\/video><\/div>\n","protected":false},"excerpt":{"rendered":"<p>D\u2019Objektiv vun der ELA ass, den frans\u00e9ischen an internationale Fuerschungslaboratoiren dob\u00e4i ze h\u00ebllefen, d&#8217;Mechanisme vun der Krankheet besser ze verstoen, d\u00e9i responsabel Genen ze identifiz\u00e9ieren, an nei therapeutesch Strategien ze entw\u00e9ckele fir g\u00e9int Leukodystrophien ze k\u00e4mpfen. All Joer, lanc\u00e9iert d\u2019ELA ee Rechercheprogramm am Domaine vun der genetescher Leukodystrophie. D&#8217;ELA organis\u00e9iert<span class=\"more-link\"><a href=\"https:\/\/ela-asso.lu\/lu\/developpement-de-la-recherche\/\">Read More &rarr;<\/a><\/span><\/p>\n","protected":false},"author":1,"featured_media":0,"parent":0,"menu_order":0,"comment_status":"closed","ping_status":"closed","template":"","meta":{"two_page_speed":[]},"_links":{"self":[{"href":"https:\/\/ela-asso.lu\/lu\/wp-json\/wp\/v2\/pages\/37"}],"collection":[{"href":"https:\/\/ela-asso.lu\/lu\/wp-json\/wp\/v2\/pages"}],"about":[{"href":"https:\/\/ela-asso.lu\/lu\/wp-json\/wp\/v2\/types\/page"}],"author":[{"embeddable":true,"href":"https:\/\/ela-asso.lu\/lu\/wp-json\/wp\/v2\/users\/1"}],"replies":[{"embeddable":true,"href":"https:\/\/ela-asso.lu\/lu\/wp-json\/wp\/v2\/comments?post=37"}],"version-history":[{"count":15,"href":"https:\/\/ela-asso.lu\/lu\/wp-json\/wp\/v2\/pages\/37\/revisions"}],"predecessor-version":[{"id":2348,"href":"https:\/\/ela-asso.lu\/lu\/wp-json\/wp\/v2\/pages\/37\/revisions\/2348"}],"wp:attachment":[{"href":"https:\/\/ela-asso.lu\/lu\/wp-json\/wp\/v2\/media?parent=37"}],"curies":[{"name":"wp","href":"https:\/\/api.w.org\/{rel}","templated":true}]}}