{"id":407,"date":"2018-03-20T18:38:02","date_gmt":"2018-03-20T17:38:02","guid":{"rendered":"http:\/\/ela-asso.lu\/en\/?page_id=407"},"modified":"2020-12-18T14:47:22","modified_gmt":"2020-12-18T13:47:22","slug":"les-leucodystrophies","status":"publish","type":"page","link":"https:\/\/ela-asso.lu\/lu\/les-leucodystrophies\/","title":{"rendered":"Leukodystrophien"},"content":{"rendered":"<div class=\"hootslider-image-wrapper\">\r\n<ul class=\"lightSlider shortcode-hootslider\" data-source=\"shortcode\" data-slider_id=\"221\" data-type=\"image\" data-class=\"shortcode-hootslider\" data-auto=\"true\" data-pause=\"3000\" data-adaptiveheight=\"true\" data-display=\"slides\" data-posts=\"10\" data-category=\"0\" data-content_bg=\"light-on-dark\" data-html_content_type=\"excerpt\" data-excerptlength=\"0\" data-slidemove=\"1\" data-template=\"template-parts\/slider-image\"><li class=\"lightSlide hootslider-image-slide hootslider-image-slide-1\">\r\n\r\n\t\t\t\t\t\t\t\t\t<img class=\"hootslider-image-slide-img\" src=\"http:\/\/ela-asso.lu\/wp-content\/uploads\/2018\/03\/animleuco01.png\" \/>\t\t\t\t\r\n\t\t\t\t<div class=\"hootslider-image-slide-content\">\r\n\t\t\t\t\t\t\t\t\t\t\t\t\t\t<\/div>\r\n\r\n\t\t\t<\/li><li class=\"lightSlide hootslider-image-slide hootslider-image-slide-2\">\r\n\r\n\t\t\t\t\t\t\t\t\t<img class=\"hootslider-image-slide-img\" src=\"http:\/\/ela-asso.lu\/wp-content\/uploads\/2018\/03\/animleuco02.png\" \/>\t\t\t\t\r\n\t\t\t\t<div class=\"hootslider-image-slide-content\">\r\n\t\t\t\t\t\t\t\t\t\t\t\t\t\t<\/div>\r\n\r\n\t\t\t<\/li><li class=\"lightSlide hootslider-image-slide hootslider-image-slide-3\">\r\n\r\n\t\t\t\t\t\t\t\t\t<img class=\"hootslider-image-slide-img\" src=\"http:\/\/ela-asso.lu\/wp-content\/uploads\/2018\/03\/animleuco03.png\" \/>\t\t\t\t\r\n\t\t\t\t<div class=\"hootslider-image-slide-content\">\r\n\t\t\t\t\t\t\t\t\t\t\t\t\t\t<\/div>\r\n\r\n\t\t\t<\/li><li class=\"lightSlide hootslider-image-slide hootslider-image-slide-4\">\r\n\r\n\t\t\t\t\t\t\t\t\t<img class=\"hootslider-image-slide-img\" src=\"http:\/\/ela-asso.lu\/wp-content\/uploads\/2018\/03\/animleuco04.png\" \/>\t\t\t\t\r\n\t\t\t\t<div class=\"hootslider-image-slide-content\">\r\n\t\t\t\t\t\t\t\t\t\t\t\t\t\t<\/div>\r\n\r\n\t\t\t<\/li><\/ul>\r\n<\/div>\n<h3><span style=\"color: #e41871;\">Degenerative genetesch Krankheeten am Gehir<\/span><\/h3>\n<p>W\u00e9i all genetesch Krankheet ass och d\u2019Leukokystrophie eng rare Krankheet. Si betr\u00ebfft Myelin (w\u00e4iss Gehirsubstanz), d\u00e9i zum Verloscht vun all de wichteg Funktiounen f\u00e9iert: Visioun, d\u2019Bewegungen, d\u2019Geh\u00e9ier, d\u2019Ried, d\u2019Er\u00ebnnerung bis zum Doud vum Patient. Leukodystrophie kann all Alter treffen, Vun der Gebuert bis an den Erwuessenenalter. D\u00ebs Krankheet ass net heelbar.<\/p>\n<div style=\"width: 422px;\" class=\"wp-video\"><!--[if lt IE 9]><script>document.createElement('video');<\/script><![endif]-->\n<video class=\"wp-video-shortcode\" id=\"video-407-1\" width=\"422\" height=\"360\" autoplay=\"1\" preload=\"metadata\" controls=\"controls\"><source type=\"video\/mp4\" src=\"http:\/\/ela-asso.lu\/wp-content\/uploads\/2018\/03\/Les-Leucodystrophies.mp4?_=1\" \/><a href=\"http:\/\/ela-asso.lu\/wp-content\/uploads\/2018\/03\/Les-Leucodystrophies.mp4\">http:\/\/ela-asso.lu\/wp-content\/uploads\/2018\/03\/Les-Leucodystrophies.mp4<\/a><\/video><\/div>\n","protected":false},"excerpt":{"rendered":"<p>Degenerative genetesch Krankheeten am Gehir W\u00e9i all genetesch Krankheet ass och d\u2019Leukokystrophie eng rare Krankheet. Si betr\u00ebfft Myelin (w\u00e4iss Gehirsubstanz), d\u00e9i zum Verloscht vun all de wichteg Funktiounen f\u00e9iert: Visioun, d\u2019Bewegungen, d\u2019Geh\u00e9ier, d\u2019Ried, d\u2019Er\u00ebnnerung bis zum Doud vum Patient. Leukodystrophie kann all Alter treffen, Vun der Gebuert bis an den<span class=\"more-link\"><a href=\"https:\/\/ela-asso.lu\/lu\/les-leucodystrophies\/\">Read More &rarr;<\/a><\/span><\/p>\n","protected":false},"author":1,"featured_media":0,"parent":0,"menu_order":0,"comment_status":"closed","ping_status":"closed","template":"","meta":{"two_page_speed":[]},"_links":{"self":[{"href":"https:\/\/ela-asso.lu\/lu\/wp-json\/wp\/v2\/pages\/407"}],"collection":[{"href":"https:\/\/ela-asso.lu\/lu\/wp-json\/wp\/v2\/pages"}],"about":[{"href":"https:\/\/ela-asso.lu\/lu\/wp-json\/wp\/v2\/types\/page"}],"author":[{"embeddable":true,"href":"https:\/\/ela-asso.lu\/lu\/wp-json\/wp\/v2\/users\/1"}],"replies":[{"embeddable":true,"href":"https:\/\/ela-asso.lu\/lu\/wp-json\/wp\/v2\/comments?post=407"}],"version-history":[{"count":15,"href":"https:\/\/ela-asso.lu\/lu\/wp-json\/wp\/v2\/pages\/407\/revisions"}],"predecessor-version":[{"id":1754,"href":"https:\/\/ela-asso.lu\/lu\/wp-json\/wp\/v2\/pages\/407\/revisions\/1754"}],"wp:attachment":[{"href":"https:\/\/ela-asso.lu\/lu\/wp-json\/wp\/v2\/media?parent=407"}],"curies":[{"name":"wp","href":"https:\/\/api.w.org\/{rel}","templated":true}]}}