{"id":61,"date":"2018-03-19T15:45:54","date_gmt":"2018-03-19T14:45:54","guid":{"rendered":"http:\/\/ela-asso.lu\/?page_id=61"},"modified":"2020-12-18T14:47:22","modified_gmt":"2020-12-18T13:47:22","slug":"sensibilisation-de-lopinion-publique","status":"publish","type":"page","link":"https:\/\/ela-asso.lu\/lu\/sensibilisation-de-lopinion-publique\/","title":{"rendered":"D\u2019Sensibilis\u00e9irung vun der \u00ebffentlecher Meenung"},"content":{"rendered":"<p><span style=\"color: #e41871;\">D&#8217;ELA entw\u00e9ckelt M\u00ebttel fir d\u2019Sollicatioun, d\u2019Visibilit\u00e9it a Spendenopriff ze organis\u00e9ieren, mat enger kuerzer, mittlerer a laangfristeg Strategie. D&#8217;Zil ass Spenden ze sammelen fir d\u00ebs Missiounen ze erreechen.<\/span><\/p>\n<p><span style=\"color: #e41871;\">ELA organis\u00e9iert Aktiounen fir de gr\u00e9isst m\u00e9igleche Publique ze sensibilis\u00e9ieren fir d\u00ebs oft onbekannte Krankheet w\u00e9i: <\/span><\/p>\n<p><span style=\"color: #e41871;\">\u2022<\/span> d&#8217;Mobilis\u00e9ierung vum Publique (Privatleit, Schoulen, Entreprisen, Politiker, Associatiounen &#8230;),<br \/>\n<span style=\"color: #e41871;\">\u2022<\/span> den Recrutement vu Sponsoren a Partneren ,<br \/>\n<span style=\"color: #e41871;\">\u2022<\/span> d&#8217;Organisatioun vun Evenementer,<br \/>\n<span style=\"color: #e41871;\">\u2022<\/span> d&#8217;Pr\u00e4senz vun Familljen a Sponsore op Evenementer,<br \/>\n<span style=\"color: #e41871;\">\u2022<\/span> Mailingen bei Donateure sch\u00e9cken<br \/>\n<span style=\"color: #e41871;\">\u2022<\/span> Opkl\u00e4rung iwwert d\u2019M\u00e9iglechkeet fir Donen duerch Leguen, Donen, Liewesvers\u00e9cherungen ze maachen &#8230; ,<br \/>\n<span style=\"color: #e41871;\">\u2022<\/span> d\u2019Partnerschaft mat de Medien ,<br \/>\n<span style=\"color: #e41871;\">\u2022<\/span> d\u2019Publikatioun vun der trimestrieller Zeitung ELA Info d\u00e9i a m\u00e9i w\u00e9i 9000 Exemplaire gedr\u00e9ckt g\u00ebtt; zous\u00e4tzlech am Juni, Zesummefaassunge vun de leschte w\u00ebssenschaftleche Fortschr\u00ebtter,<br \/>\n<span style=\"color: #e41871;\">\u2022<\/span> Animatioun vun der Webs\u00e4it an den sozialen Netzwierker (Facebook, Twitter &#8230;),<br \/>\n<span style=\"color: #e41871;\">\u2022<\/span> de Verkaf vun ELA Produiten,<br \/>\n<span style=\"color: #e41871;\">\u2022<\/span> d&#8217;Af\u00e9ierung vun neie Aktiounen an H\u00ebllef mat Spendenaktiounen &#8230;<\/p>\n<p>Den \u00ebffentleche Spendenopruff ass essential fir d\u00e9i vill ELA Missiounen ze finanz\u00e9ieren.<\/p>\n<div style=\"width: 640px;\" class=\"wp-video\"><!--[if lt IE 9]><script>document.createElement('video');<\/script><![endif]-->\n<video class=\"wp-video-shortcode\" id=\"video-61-1\" width=\"640\" height=\"360\" autoplay=\"1\" preload=\"metadata\" controls=\"controls\"><source type=\"video\/mp4\" src=\"http:\/\/ela-asso.lu\/wp-content\/uploads\/2018\/03\/Reportage-dans-la-famille-de-Leonie.mp4?_=1\" \/><a href=\"http:\/\/ela-asso.lu\/wp-content\/uploads\/2018\/03\/Reportage-dans-la-famille-de-Leonie.mp4\">http:\/\/ela-asso.lu\/wp-content\/uploads\/2018\/03\/Reportage-dans-la-famille-de-Leonie.mp4<\/a><\/video><\/div>\n","protected":false},"excerpt":{"rendered":"<p>D&#8217;ELA entw\u00e9ckelt M\u00ebttel fir d\u2019Sollicatioun, d\u2019Visibilit\u00e9it a Spendenopriff ze organis\u00e9ieren, mat enger kuerzer, mittlerer a laangfristeg Strategie. D&#8217;Zil ass Spenden ze sammelen fir d\u00ebs Missiounen ze erreechen. ELA organis\u00e9iert Aktiounen fir de gr\u00e9isst m\u00e9igleche Publique ze sensibilis\u00e9ieren fir d\u00ebs oft onbekannte Krankheet w\u00e9i: \u2022 d&#8217;Mobilis\u00e9ierung vum Publique (Privatleit, Schoulen, Entreprisen,<span class=\"more-link\"><a href=\"https:\/\/ela-asso.lu\/lu\/sensibilisation-de-lopinion-publique\/\">Read More &rarr;<\/a><\/span><\/p>\n","protected":false},"author":1,"featured_media":0,"parent":0,"menu_order":0,"comment_status":"closed","ping_status":"closed","template":"","meta":{"two_page_speed":[]},"_links":{"self":[{"href":"https:\/\/ela-asso.lu\/lu\/wp-json\/wp\/v2\/pages\/61"}],"collection":[{"href":"https:\/\/ela-asso.lu\/lu\/wp-json\/wp\/v2\/pages"}],"about":[{"href":"https:\/\/ela-asso.lu\/lu\/wp-json\/wp\/v2\/types\/page"}],"author":[{"embeddable":true,"href":"https:\/\/ela-asso.lu\/lu\/wp-json\/wp\/v2\/users\/1"}],"replies":[{"embeddable":true,"href":"https:\/\/ela-asso.lu\/lu\/wp-json\/wp\/v2\/comments?post=61"}],"version-history":[{"count":8,"href":"https:\/\/ela-asso.lu\/lu\/wp-json\/wp\/v2\/pages\/61\/revisions"}],"predecessor-version":[{"id":1632,"href":"https:\/\/ela-asso.lu\/lu\/wp-json\/wp\/v2\/pages\/61\/revisions\/1632"}],"wp:attachment":[{"href":"https:\/\/ela-asso.lu\/lu\/wp-json\/wp\/v2\/media?parent=61"}],"curies":[{"name":"wp","href":"https:\/\/api.w.org\/{rel}","templated":true}]}}