{"id":952,"date":"2019-01-25T09:17:59","date_gmt":"2019-01-25T08:17:59","guid":{"rendered":"http:\/\/ela-asso.lu\/?page_id=952"},"modified":"2020-12-18T14:47:07","modified_gmt":"2020-12-18T13:47:07","slug":"archives-news","status":"publish","type":"page","link":"https:\/\/ela-asso.lu\/lu\/archives-news\/","title":{"rendered":"Archives News"},"content":{"rendered":"    <div data-options='{&quot;id&quot;:&quot;951&quot;,&quot;lazy_load&quot;:&quot;no&quot;,&quot;masonry_enable&quot;:&quot;no&quot;,&quot;view_type&quot;:&quot;grid&quot;}' id=\"post-grid-951\" class=\"post-grid grid\">\n    \n\n\n    <div class=\"grid-items\">\n      <div class=\"item item-2324 skin flat even 0 \">\n        <div class=\"layer-wrapper layout-\">\n        <div class=\"layer-media\"><a class=\"custom\" href=\"https:\/\/ela-asso.lu\/lu\/2024\/05\/06\/2019\/\"><img src=\"https:\/\/ela-asso.lu\/wp-content\/plugins\/post-grid\/assets\/images\/placeholder.png\" \/><\/a><\/div>\n  <div class=\"layer-content\">\n        <div class=\"element element_0  title \">\r\n                    <a target=\"\"\r\n                href=\"https:\/\/ela-asso.lu\/lu\/2024\/05\/06\/2019\/\">2019<\/a>\r\n            <\/div>\r\n    <div class=\"element element_1  excerpt \">\r\n                    <\/div>\r\n            <a class=\"element element_2  read_more \"\r\n            target=\"\"\r\n            href=\"https:\/\/ela-asso.lu\/lu\/2024\/05\/06\/2019\/\"><\/a>\r\n      <\/div>\n    <\/div>\n  <\/div><div class=\"item item-2257 skin flat odd 1 \">\n        <div class=\"layer-wrapper layout-\">\n        <div class=\"layer-media\"><a class=\"custom\" href=\"https:\/\/ela-asso.lu\/lu\/2023\/09\/05\/mtb-2023\/\"><img src=\"https:\/\/ela-asso.lu\/wp-content\/plugins\/post-grid\/assets\/images\/placeholder.png\" \/><\/a><\/div>\n  <div class=\"layer-content\">\n        <div class=\"element element_0  title \">\r\n                    <a target=\"\"\r\n                href=\"https:\/\/ela-asso.lu\/lu\/2023\/09\/05\/mtb-2023\/\">MTB 2023<\/a>\r\n            <\/div>\r\n    <div class=\"element element_1  excerpt \">\r\n        [:fr]Cette ann\u00e9e, les entreprises se mobilisent quand elles le souhaitent, pouvant ainsi combiner l'op\u00e9ration \"Mets Tes Baskets\" avec un autre            <\/div>\r\n            <a class=\"element element_2  read_more \"\r\n            target=\"\"\r\n            href=\"https:\/\/ela-asso.lu\/lu\/2023\/09\/05\/mtb-2023\/\"><\/a>\r\n      <\/div>\n    <\/div>\n  <\/div><div class=\"item item-2193 skin flat even 2 \">\n        <div class=\"layer-wrapper layout-\">\n        <div class=\"layer-media\"><a href=\"https:\/\/ela-asso.lu\/lu\/2021\/05\/12\/interview-avec-my-luxembourg\/\"><img alt=\"\" src=\"https:\/\/ela-asso.lu\/wp-content\/uploads\/2021\/05\/My-Luxembourg-1-300x300.jpg\" \/><\/a><\/div>\n  <div class=\"layer-content\">\n        <div class=\"element element_0  title \">\r\n                    <a target=\"\"\r\n                href=\"https:\/\/ela-asso.lu\/lu\/2021\/05\/12\/interview-avec-my-luxembourg\/\">[:fr]Interview avec My Luxembourg[:lu]Interview avec My Luxembourg[:]<\/a>\r\n            <\/div>\r\n    <div class=\"element element_1  excerpt \">\r\n        [:fr]https:\/\/youtu.be\/LtPOXGYeMUY[:lu]https:\/\/youtu.be\/LtPOXGYeMUY[:]            <\/div>\r\n            <a class=\"element element_2  read_more \"\r\n            target=\"\"\r\n            href=\"https:\/\/ela-asso.lu\/lu\/2021\/05\/12\/interview-avec-my-luxembourg\/\"><\/a>\r\n      <\/div>\n    <\/div>\n  <\/div><div class=\"item item-2176 skin flat odd 3 \">\n        <div class=\"layer-wrapper layout-\">\n        <div class=\"layer-media\"><a href=\"https:\/\/ela-asso.lu\/lu\/2021\/04\/26\/mets-tes-baskets-6eme-edition-objectif-reconnexion\/\"><img alt=\"On fait la diff\u00e9rence\" src=\"https:\/\/ela-asso.lu\/wp-content\/uploads\/2021\/04\/MTB-10-Juin-300x300.jpg\" \/><\/a><\/div>\n  <div class=\"layer-content\">\n        <div class=\"element element_0  title \">\r\n                    <a target=\"\"\r\n                href=\"https:\/\/ela-asso.lu\/lu\/2021\/04\/26\/mets-tes-baskets-6eme-edition-objectif-reconnexion\/\">Mets Tes baskets &#8211; 6\u00e8me \u00e9dition &#8211; Objectif reconnexion!!!<\/a>\r\n            <\/div>\r\n    <div class=\"element element_1  excerpt \">\r\n        [:fr][:lu][:]            <\/div>\r\n            <a class=\"element element_2  read_more \"\r\n            target=\"\"\r\n            href=\"https:\/\/ela-asso.lu\/lu\/2021\/04\/26\/mets-tes-baskets-6eme-edition-objectif-reconnexion\/\"><\/a>\r\n      <\/div>\n    <\/div>\n  <\/div><div class=\"item item-2152 skin flat even 4 \">\n        <div class=\"layer-wrapper layout-\">\n        <div class=\"layer-media\"><a href=\"https:\/\/ela-asso.lu\/lu\/2020\/10\/21\/le-swift-hesperange-ela-pour-faire-la-difference\/\"><img alt=\"\" src=\"https:\/\/ela-asso.lu\/wp-content\/uploads\/2020\/10\/Picture1-300x213.jpg\" \/><\/a><\/div>\n  <div class=\"layer-content\">\n        <div class=\"element element_0  title \">\r\n                    <a target=\"\"\r\n                href=\"https:\/\/ela-asso.lu\/lu\/2020\/10\/21\/le-swift-hesperange-ela-pour-faire-la-difference\/\">Le SWIFT Hesperange ELA pour faire la diff\u00e9rence<\/a>\r\n            <\/div>\r\n    <div class=\"element element_1  excerpt \">\r\n        [:fr]&nbsp; Convention de Partenariat Entre SWIFT Hesperange et ELA Luxembourg &nbsp; Luxembourg, 21 Octobre 2020\u00a0: Le SWIFT Hesperange et ELA            <\/div>\r\n            <a class=\"element element_2  read_more \"\r\n            target=\"\"\r\n            href=\"https:\/\/ela-asso.lu\/lu\/2020\/10\/21\/le-swift-hesperange-ela-pour-faire-la-difference\/\"><\/a>\r\n      <\/div>\n    <\/div>\n  <\/div><div class=\"item item-1741 skin flat odd 5 \">\n        <div class=\"layer-wrapper layout-\">\n        <div class=\"layer-media\"><a href=\"https:\/\/ela-asso.lu\/lu\/2020\/09\/02\/15-10-mtbe-2020\/\"><img alt=\"\" src=\"https:\/\/ela-asso.lu\/wp-content\/uploads\/2020\/09\/Faites-Equipe-ELA-2020-300x182.png\" \/><\/a><\/div>\n  <div class=\"layer-content\">\n        <div class=\"element element_0  title \">\r\n                    <a target=\"\"\r\n                href=\"https:\/\/ela-asso.lu\/lu\/2020\/09\/02\/15-10-mtbe-2020\/\">Jeudi 15 Octobre 2020 &#8211; Mets Tes Baskets dans l&rsquo;Entreprise &#8211; 5\u00e8me \u00e9dition<\/a>\r\n            <\/div>\r\n    <div class=\"element element_1  excerpt \">\r\n        [:fr]MTB: 5\u00e8me \u00e9dition Cette ann\u00e9e, cela fait 10 ans qu'ELA Luxembourg est reconnue d'utilit\u00e9 publique, et l'objectif est de financer            <\/div>\r\n            <a class=\"element element_2  read_more \"\r\n            target=\"\"\r\n            href=\"https:\/\/ela-asso.lu\/lu\/2020\/09\/02\/15-10-mtbe-2020\/\"><\/a>\r\n      <\/div>\n    <\/div>\n  <\/div>    <\/div>\n    <div class=\"pagination\">\n      <div class=\"paginate\">\n    <span class=\"page-numbers current\">1<\/span>\n<a class=\"page-numbers\" href=\"https:\/\/ela-asso.lu\/lu\/wp-json\/wp\/v2\/pages\/952\/page\/2\/\">2<\/a>\n<a class=\"page-numbers\" href=\"https:\/\/ela-asso.lu\/lu\/wp-json\/wp\/v2\/pages\/952\/page\/3\/\">3<\/a>\n<a class=\"page-numbers\" href=\"https:\/\/ela-asso.lu\/lu\/wp-json\/wp\/v2\/pages\/952\/page\/4\/\">4<\/a>\n<a class=\"next page-numbers\" href=\"https:\/\/ela-asso.lu\/lu\/wp-json\/wp\/v2\/pages\/952\/page\/2\/\"> \u00bb<\/a>  <\/div>\n  <style type=\"text\/css\">\n    #post-grid-951 .pagination .page-numbers {\n      font-size: 17px;\n      color: #646464;\n      background: #646464;\n    }\n\n    #post-grid-951 .pagination .page-numbers:hover,\n    #post-grid-951 .pagination .page-numbers.current {\n      background: #4b4b4b;\n    }\n  <\/style>\n  <\/div>\n      <style type=\"text\/css\">\n      \/*Write your CSS code here*\/    <\/style>\n      <script>\n          \/*Write your js code here*\/          <\/script>\n    <style type=\"text\/css\">\n    #post-grid-951 .element_0 {\n      display: block;font-size: 21px;line-height: normal;padding: 5px 10px;text-align: left;    }\n\n    #post-grid-951 .element_1 {\n      display: block;font-size: 12px;padding: 5px 10px;text-align: left;    }\n\n    #post-grid-951 .element_2 {\n      display: block;font-size: 12px;font-weight: bold;padding: 0 10px;text-align: left;    }\n\n    #post-grid-951 .element_0:hover{}#post-grid-951 .element_1:hover{}#post-grid-951 .element_2:hover{}  <\/style>\n  <style type=\"text\/css\">\n    #post-grid-951 {\n      padding: 10px;\n      background-color: #fff;\n          }\n\n    #post-grid-951 .item {\n      background: #fff;\n          }\n\n    #post-grid-951 .item .layer-media {\n      height:auto;    }\n\n    @media only screen and (min-width: 0px) and (max-width: 767px) {\n      #post-grid-951 .grid-items {\n        text-align: center;\n              }\n\n      #post-grid-951 .item {\n        width: 90%;\n        margin: 10px;\n        display: inline-block;\n        vertical-align: top;\n        height:auto;      }\n    }\n\n    @media only screen and (min-width: 768px) and (max-width: 1023px) {\n      #post-grid-951 .grid-items {\n        text-align: center;\n              }\n\n      #post-grid-951 .item {\n        width: 280px;\n        margin: 10px;\n        display: inline-block;\n        vertical-align: top;\n        max-height:auto;      }\n    }\n\n    @media only screen and (min-width: 1024px) {\n      #post-grid-951 .grid-items {\n        text-align: center;\n              }\n\n      #post-grid-951 .item {\n        width: 280px;\n        display: inline-block;\n        margin: 10px;\n        vertical-align: top;\n        height:auto;      }\n    }\n\n      <\/style>\n  <\/div>\n\n","protected":false},"excerpt":{"rendered":"<p><span class=\"more-link\"><a href=\"https:\/\/ela-asso.lu\/lu\/2024\/05\/06\/2019\/\">Read More &rarr;<\/a><\/span><\/p>\n","protected":false},"author":1,"featured_media":0,"parent":0,"menu_order":0,"comment_status":"closed","ping_status":"closed","template":"","meta":{"two_page_speed":[]},"_links":{"self":[{"href":"https:\/\/ela-asso.lu\/lu\/wp-json\/wp\/v2\/pages\/952"}],"collection":[{"href":"https:\/\/ela-asso.lu\/lu\/wp-json\/wp\/v2\/pages"}],"about":[{"href":"https:\/\/ela-asso.lu\/lu\/wp-json\/wp\/v2\/types\/page"}],"author":[{"embeddable":true,"href":"https:\/\/ela-asso.lu\/lu\/wp-json\/wp\/v2\/users\/1"}],"replies":[{"embeddable":true,"href":"https:\/\/ela-asso.lu\/lu\/wp-json\/wp\/v2\/comments?post=952"}],"version-history":[{"count":4,"href":"https:\/\/ela-asso.lu\/lu\/wp-json\/wp\/v2\/pages\/952\/revisions"}],"predecessor-version":[{"id":958,"href":"https:\/\/ela-asso.lu\/lu\/wp-json\/wp\/v2\/pages\/952\/revisions\/958"}],"wp:attachment":[{"href":"https:\/\/ela-asso.lu\/lu\/wp-json\/wp\/v2\/media?parent=952"}],"curies":[{"name":"wp","href":"https:\/\/api.w.org\/{rel}","templated":true}]}}